{"version":"1.0","provider_name":"NOTICIASMERCEDINAS.COM","provider_url":"https:\/\/noticiasmercedinas.com\/site","author_name":"Cristian Falabella NOTICIASMERCEDINAS.COM","author_url":"https:\/\/noticiasmercedinas.com\/site\/author\/as000384\/","title":"Federico Lagoa asumi\u00f3 en Chivilcoy","type":"rich","width":600,"height":338,"html":"<blockquote class=\"wp-embedded-content\" data-secret=\"oTLwOR4Hav\"><a href=\"https:\/\/noticiasmercedinas.com\/site\/2019\/03\/23\/federico-lagoa-asumio-en-chivilcoy\/\">Federico Lagoa asumi\u00f3 en Chivilcoy<\/a><\/blockquote><iframe sandbox=\"allow-scripts\" security=\"restricted\" src=\"https:\/\/noticiasmercedinas.com\/site\/2019\/03\/23\/federico-lagoa-asumio-en-chivilcoy\/embed\/#?secret=oTLwOR4Hav\" width=\"600\" height=\"338\" title=\"\u00abFederico Lagoa asumi\u00f3 en Chivilcoy\u00bb \u2014 NOTICIASMERCEDINAS.COM\" data-secret=\"oTLwOR4Hav\" frameborder=\"0\" marginwidth=\"0\" marginheight=\"0\" scrolling=\"no\" class=\"wp-embedded-content\"><\/iframe><script type=\"text\/javascript\">\n\/* <![CDATA[ *\/\n\/*! This file is auto-generated *\/\n!function(d,l){\"use strict\";l.querySelector&&d.addEventListener&&\"undefined\"!=typeof URL&&(d.wp=d.wp||{},d.wp.receiveEmbedMessage||(d.wp.receiveEmbedMessage=function(e){var t=e.data;if((t||t.secret||t.message||t.value)&&!\/[^a-zA-Z0-9]\/.test(t.secret)){for(var s,r,n,a=l.querySelectorAll('iframe[data-secret=\"'+t.secret+'\"]'),o=l.querySelectorAll('blockquote[data-secret=\"'+t.secret+'\"]'),c=new RegExp(\"^https?:$\",\"i\"),i=0;i<o.length;i++)o[i].style.display=\"none\";for(i=0;i<a.length;i++)s=a[i],e.source===s.contentWindow&&(s.removeAttribute(\"style\"),\"height\"===t.message?(1e3<(r=parseInt(t.value,10))?r=1e3:~~r<200&&(r=200),s.height=r):\"link\"===t.message&&(r=new URL(s.getAttribute(\"src\")),n=new URL(t.value),c.test(n.protocol))&&n.host===r.host&&l.activeElement===s&&(d.top.location.href=t.value))}},d.addEventListener(\"message\",d.wp.receiveEmbedMessage,!1),l.addEventListener(\"DOMContentLoaded\",function(){for(var e,t,s=l.querySelectorAll(\"iframe.wp-embedded-content\"),r=0;r<s.length;r++)(t=(e=s[r]).getAttribute(\"data-secret\"))||(t=Math.random().toString(36).substring(2,12),e.src+=\"#?secret=\"+t,e.setAttribute(\"data-secret\",t)),e.contentWindow.postMessage({message:\"ready\",secret:t},\"*\")},!1)))}(window,document);\n\/\/# sourceURL=https:\/\/noticiasmercedinas.com\/site\/wp-includes\/js\/wp-embed.min.js\n\/* ]]> *\/\n<\/script>\n","thumbnail_url":"https:\/\/noticiasmercedinas.com\/site\/wp-content\/uploads\/2019\/03\/IMG_20190323_192429_843-1.jpg","thumbnail_width":1697,"thumbnail_height":1027,"description":"En la parroquia San Pedro Ap\u00f3stol este s\u00e1bado por la noche con una misa presidida por monse\u00f1or Agustin Radrizzani, asumi\u00f3 quien fuera p\u00e1rroco en la Iglesia Catedral de Mercedes, el presb\u00edtero Federico Lagoa. En su provisi\u00f3n de oficio se lo design\u00f3 a Lagoa en esa comunidad por parte del arzobispo, como p\u00e1rroco por el t\u00e9rmino [&hellip;]"}