{"version":"1.0","provider_name":"NOTICIASMERCEDINAS.COM","provider_url":"https:\/\/noticiasmercedinas.com\/site","author_name":"NOTICIASMERCEDINAS.COM","author_url":"https:\/\/noticiasmercedinas.com\/site\/author\/anonimo\/","title":"Bidone vincul\u00f3 a D\u2019Alessio con la ministra Bullrich","type":"rich","width":600,"height":338,"html":"<blockquote class=\"wp-embedded-content\" data-secret=\"5LJXdMsw0I\"><a href=\"https:\/\/noticiasmercedinas.com\/site\/2019\/03\/28\/bidone-vinculo-a-dalessio-con-la-ministra-bullrich\/\">Bidone vincul\u00f3 a D\u2019Alessio con la ministra Bullrich<\/a><\/blockquote><iframe sandbox=\"allow-scripts\" security=\"restricted\" src=\"https:\/\/noticiasmercedinas.com\/site\/2019\/03\/28\/bidone-vinculo-a-dalessio-con-la-ministra-bullrich\/embed\/#?secret=5LJXdMsw0I\" width=\"600\" height=\"338\" title=\"\u00abBidone vincul\u00f3 a D\u2019Alessio con la ministra Bullrich\u00bb \u2014 NOTICIASMERCEDINAS.COM\" data-secret=\"5LJXdMsw0I\" frameborder=\"0\" marginwidth=\"0\" marginheight=\"0\" scrolling=\"no\" class=\"wp-embedded-content\"><\/iframe><script type=\"text\/javascript\">\n\/* <![CDATA[ *\/\n\/*! This file is auto-generated *\/\n!function(d,l){\"use strict\";l.querySelector&&d.addEventListener&&\"undefined\"!=typeof URL&&(d.wp=d.wp||{},d.wp.receiveEmbedMessage||(d.wp.receiveEmbedMessage=function(e){var t=e.data;if((t||t.secret||t.message||t.value)&&!\/[^a-zA-Z0-9]\/.test(t.secret)){for(var s,r,n,a=l.querySelectorAll('iframe[data-secret=\"'+t.secret+'\"]'),o=l.querySelectorAll('blockquote[data-secret=\"'+t.secret+'\"]'),c=new RegExp(\"^https?:$\",\"i\"),i=0;i<o.length;i++)o[i].style.display=\"none\";for(i=0;i<a.length;i++)s=a[i],e.source===s.contentWindow&&(s.removeAttribute(\"style\"),\"height\"===t.message?(1e3<(r=parseInt(t.value,10))?r=1e3:~~r<200&&(r=200),s.height=r):\"link\"===t.message&&(r=new URL(s.getAttribute(\"src\")),n=new URL(t.value),c.test(n.protocol))&&n.host===r.host&&l.activeElement===s&&(d.top.location.href=t.value))}},d.addEventListener(\"message\",d.wp.receiveEmbedMessage,!1),l.addEventListener(\"DOMContentLoaded\",function(){for(var e,t,s=l.querySelectorAll(\"iframe.wp-embedded-content\"),r=0;r<s.length;r++)(t=(e=s[r]).getAttribute(\"data-secret\"))||(t=Math.random().toString(36).substring(2,12),e.src+=\"#?secret=\"+t,e.setAttribute(\"data-secret\",t)),e.contentWindow.postMessage({message:\"ready\",secret:t},\"*\")},!1)))}(window,document);\n\/\/# sourceURL=https:\/\/noticiasmercedinas.com\/site\/wp-includes\/js\/wp-embed.min.js\n\/* ]]> *\/\n<\/script>\n","thumbnail_url":"https:\/\/noticiasmercedinas.com\/site\/wp-content\/uploads\/2019\/03\/bidone_fiscal.jpg","thumbnail_width":640,"thumbnail_height":425,"description":"El suspendido titular de la Fiscal\u00eda de Delitos Complejos de Mercedes, Juan Ignacio Bidone, vincul\u00f3 hoy al detenido esp\u00eda Marcelo D\u2019Alessio con la ministra de Seguridad, Patricia Bullrich, en su declaraci\u00f3n ante el juez federal Luis Rodr\u00edguez. Bidone \u2013quien asegur\u00f3 haber sido enga\u00f1ado por el \u201cagente de inteligencia\u201d- record\u00f3 que ante la necesidad de comunicarse [&hellip;]"}