{"version":"1.0","provider_name":"NOTICIASMERCEDINAS.COM","provider_url":"https:\/\/noticiasmercedinas.com\/site","author_name":"NOTICIASMERCEDINAS.COM","author_url":"https:\/\/noticiasmercedinas.com\/site\/author\/anonimo\/","title":"Nataci\u00f3n: Cumel\u00e9n, con varios podios en Luj\u00e1n","type":"rich","width":600,"height":338,"html":"<blockquote class=\"wp-embedded-content\" data-secret=\"EB4EDZ6g4k\"><a href=\"https:\/\/noticiasmercedinas.com\/site\/2019\/06\/18\/natacion-cumelen-con-varios-podios-en-lujan\/\">Nataci\u00f3n: Cumel\u00e9n, con varios podios en Luj\u00e1n<\/a><\/blockquote><iframe sandbox=\"allow-scripts\" security=\"restricted\" src=\"https:\/\/noticiasmercedinas.com\/site\/2019\/06\/18\/natacion-cumelen-con-varios-podios-en-lujan\/embed\/#?secret=EB4EDZ6g4k\" width=\"600\" height=\"338\" title=\"\u00abNataci\u00f3n: Cumel\u00e9n, con varios podios en Luj\u00e1n\u00bb \u2014 NOTICIASMERCEDINAS.COM\" data-secret=\"EB4EDZ6g4k\" frameborder=\"0\" marginwidth=\"0\" marginheight=\"0\" scrolling=\"no\" class=\"wp-embedded-content\"><\/iframe><script type=\"text\/javascript\">\n\/* <![CDATA[ *\/\n\/*! This file is auto-generated *\/\n!function(d,l){\"use strict\";l.querySelector&&d.addEventListener&&\"undefined\"!=typeof URL&&(d.wp=d.wp||{},d.wp.receiveEmbedMessage||(d.wp.receiveEmbedMessage=function(e){var t=e.data;if((t||t.secret||t.message||t.value)&&!\/[^a-zA-Z0-9]\/.test(t.secret)){for(var s,r,n,a=l.querySelectorAll('iframe[data-secret=\"'+t.secret+'\"]'),o=l.querySelectorAll('blockquote[data-secret=\"'+t.secret+'\"]'),c=new RegExp(\"^https?:$\",\"i\"),i=0;i<o.length;i++)o[i].style.display=\"none\";for(i=0;i<a.length;i++)s=a[i],e.source===s.contentWindow&&(s.removeAttribute(\"style\"),\"height\"===t.message?(1e3<(r=parseInt(t.value,10))?r=1e3:~~r<200&&(r=200),s.height=r):\"link\"===t.message&&(r=new URL(s.getAttribute(\"src\")),n=new URL(t.value),c.test(n.protocol))&&n.host===r.host&&l.activeElement===s&&(d.top.location.href=t.value))}},d.addEventListener(\"message\",d.wp.receiveEmbedMessage,!1),l.addEventListener(\"DOMContentLoaded\",function(){for(var e,t,s=l.querySelectorAll(\"iframe.wp-embedded-content\"),r=0;r<s.length;r++)(t=(e=s[r]).getAttribute(\"data-secret\"))||(t=Math.random().toString(36).substring(2,12),e.src+=\"#?secret=\"+t,e.setAttribute(\"data-secret\",t)),e.contentWindow.postMessage({message:\"ready\",secret:t},\"*\")},!1)))}(window,document);\n\/\/# sourceURL=https:\/\/noticiasmercedinas.com\/site\/wp-includes\/js\/wp-embed.min.js\n\/* ]]> *\/\n<\/script>\n","thumbnail_url":"https:\/\/noticiasmercedinas.com\/site\/wp-content\/uploads\/2019\/06\/64902726_1137378766435288_781019491877257216_n.jpg","thumbnail_width":640,"thumbnail_height":377,"description":"El pasado s\u00e1bado 15, integrantes de Cumel\u00e9n participaron de la posta americana que se desarroll\u00f3 en la Sociedad Italiana de Luj\u00e1n. Los cuatro equipos de Cumel\u00e9n fueron en las categor\u00edas Juveniles, Master A, Master B y Senior, subi\u00e9ndose al podio en estas dos \u00faltimas, en el tercer y primer puesto, respectivamente. En categor\u00eda Se\u00f1or el [&hellip;]"}