{"version":"1.0","provider_name":"NOTICIASMERCEDINAS.COM","provider_url":"https:\/\/noticiasmercedinas.com\/site","author_name":"Juan Dagnino NOTICIASMERCEDINAS.COM","author_url":"https:\/\/noticiasmercedinas.com\/site\/author\/juandagnino\/","title":"Rom\u00e1n Gorocito clasificado en Rodr\u00edguez","type":"rich","width":600,"height":338,"html":"<blockquote class=\"wp-embedded-content\" data-secret=\"7SqUnLMBG4\"><a href=\"https:\/\/noticiasmercedinas.com\/site\/2019\/09\/17\/roman-gorocito-clasificado-en-rodriguez\/\">Rom\u00e1n Gorocito clasificado en Rodr\u00edguez<\/a><\/blockquote><iframe sandbox=\"allow-scripts\" security=\"restricted\" src=\"https:\/\/noticiasmercedinas.com\/site\/2019\/09\/17\/roman-gorocito-clasificado-en-rodriguez\/embed\/#?secret=7SqUnLMBG4\" width=\"600\" height=\"338\" title=\"\u00abRom\u00e1n Gorocito clasificado en Rodr\u00edguez\u00bb \u2014 NOTICIASMERCEDINAS.COM\" data-secret=\"7SqUnLMBG4\" frameborder=\"0\" marginwidth=\"0\" marginheight=\"0\" scrolling=\"no\" class=\"wp-embedded-content\"><\/iframe><script type=\"text\/javascript\">\n\/* <![CDATA[ *\/\n\/*! This file is auto-generated *\/\n!function(d,l){\"use strict\";l.querySelector&&d.addEventListener&&\"undefined\"!=typeof URL&&(d.wp=d.wp||{},d.wp.receiveEmbedMessage||(d.wp.receiveEmbedMessage=function(e){var t=e.data;if((t||t.secret||t.message||t.value)&&!\/[^a-zA-Z0-9]\/.test(t.secret)){for(var s,r,n,a=l.querySelectorAll('iframe[data-secret=\"'+t.secret+'\"]'),o=l.querySelectorAll('blockquote[data-secret=\"'+t.secret+'\"]'),c=new RegExp(\"^https?:$\",\"i\"),i=0;i<o.length;i++)o[i].style.display=\"none\";for(i=0;i<a.length;i++)s=a[i],e.source===s.contentWindow&&(s.removeAttribute(\"style\"),\"height\"===t.message?(1e3<(r=parseInt(t.value,10))?r=1e3:~~r<200&&(r=200),s.height=r):\"link\"===t.message&&(r=new URL(s.getAttribute(\"src\")),n=new URL(t.value),c.test(n.protocol))&&n.host===r.host&&l.activeElement===s&&(d.top.location.href=t.value))}},d.addEventListener(\"message\",d.wp.receiveEmbedMessage,!1),l.addEventListener(\"DOMContentLoaded\",function(){for(var e,t,s=l.querySelectorAll(\"iframe.wp-embedded-content\"),r=0;r<s.length;r++)(t=(e=s[r]).getAttribute(\"data-secret\"))||(t=Math.random().toString(36).substring(2,12),e.src+=\"#?secret=\"+t,e.setAttribute(\"data-secret\",t)),e.contentWindow.postMessage({message:\"ready\",secret:t},\"*\")},!1)))}(window,document);\n\/\/# sourceURL=https:\/\/noticiasmercedinas.com\/site\/wp-includes\/js\/wp-embed.min.js\n\/* ]]> *\/\n<\/script>\n","thumbnail_url":"https:\/\/noticiasmercedinas.com\/site\/wp-content\/uploads\/2019\/09\/8d542fd3-2d27-4953-ab53-d50b6e2f5fb3.jpg","thumbnail_width":680,"thumbnail_height":419,"description":"Fue el s\u00e1bado 14 en el circuito Miguel Tejedor de General Rodr\u00edguez que se llev\u00f3 adelante un extenso programa de carreras que se llevaron buena parte de la jornada. En la categor\u00eda Debutantes Menores estuvo el mercedino Rom\u00e1n Gorocito que en competencia gan\u00f3 un sprint intermedio. La definici\u00f3n de carrera, tras 40 minutos, se dio [&hellip;]"}