{"version":"1.0","provider_name":"NOTICIASMERCEDINAS.COM","provider_url":"https:\/\/noticiasmercedinas.com\/site","author_name":"Cristian Falabella NOTICIASMERCEDINAS.COM","author_url":"https:\/\/noticiasmercedinas.com\/site\/author\/as000384\/","title":"\"Mejor de ma\u00f1ana\", aire fresco en Cablevisi\u00f3n","type":"rich","width":600,"height":338,"html":"<blockquote class=\"wp-embedded-content\" data-secret=\"BdwewLqkSu\"><a href=\"https:\/\/noticiasmercedinas.com\/site\/2019\/10\/26\/mejor-de-manana-aire-fresco-en-cablevision\/\">\u00abMejor de ma\u00f1ana\u00bb, aire fresco en Cablevisi\u00f3n<\/a><\/blockquote><iframe sandbox=\"allow-scripts\" security=\"restricted\" src=\"https:\/\/noticiasmercedinas.com\/site\/2019\/10\/26\/mejor-de-manana-aire-fresco-en-cablevision\/embed\/#?secret=BdwewLqkSu\" width=\"600\" height=\"338\" title=\"\u00ab\u00abMejor de ma\u00f1ana\u00bb, aire fresco en Cablevisi\u00f3n\u00bb \u2014 NOTICIASMERCEDINAS.COM\" data-secret=\"BdwewLqkSu\" frameborder=\"0\" marginwidth=\"0\" marginheight=\"0\" scrolling=\"no\" class=\"wp-embedded-content\"><\/iframe><script type=\"text\/javascript\">\n\/* <![CDATA[ *\/\n\/*! This file is auto-generated *\/\n!function(d,l){\"use strict\";l.querySelector&&d.addEventListener&&\"undefined\"!=typeof URL&&(d.wp=d.wp||{},d.wp.receiveEmbedMessage||(d.wp.receiveEmbedMessage=function(e){var t=e.data;if((t||t.secret||t.message||t.value)&&!\/[^a-zA-Z0-9]\/.test(t.secret)){for(var s,r,n,a=l.querySelectorAll('iframe[data-secret=\"'+t.secret+'\"]'),o=l.querySelectorAll('blockquote[data-secret=\"'+t.secret+'\"]'),c=new RegExp(\"^https?:$\",\"i\"),i=0;i<o.length;i++)o[i].style.display=\"none\";for(i=0;i<a.length;i++)s=a[i],e.source===s.contentWindow&&(s.removeAttribute(\"style\"),\"height\"===t.message?(1e3<(r=parseInt(t.value,10))?r=1e3:~~r<200&&(r=200),s.height=r):\"link\"===t.message&&(r=new URL(s.getAttribute(\"src\")),n=new URL(t.value),c.test(n.protocol))&&n.host===r.host&&l.activeElement===s&&(d.top.location.href=t.value))}},d.addEventListener(\"message\",d.wp.receiveEmbedMessage,!1),l.addEventListener(\"DOMContentLoaded\",function(){for(var e,t,s=l.querySelectorAll(\"iframe.wp-embedded-content\"),r=0;r<s.length;r++)(t=(e=s[r]).getAttribute(\"data-secret\"))||(t=Math.random().toString(36).substring(2,12),e.src+=\"#?secret=\"+t,e.setAttribute(\"data-secret\",t)),e.contentWindow.postMessage({message:\"ready\",secret:t},\"*\")},!1)))}(window,document);\n\/\/# sourceURL=https:\/\/noticiasmercedinas.com\/site\/wp-includes\/js\/wp-embed.min.js\n\/* ]]> *\/\n<\/script>\n","thumbnail_url":"https:\/\/noticiasmercedinas.com\/site\/wp-content\/uploads\/2019\/10\/img-20191026-wa00168013280011383181847.jpg","thumbnail_width":1024,"thumbnail_height":769,"description":"Desde el 26 de septiembre y por la se\u00f1al de Canal 7 de Cablevisi\u00f3n se puede ver un magazine diario producido por un grupo de periodistas j\u00f3venes oriundos de la ciudad de General Rodr\u00edguez. \u00abMejor de Ma\u00f1ana\u00bb comenz\u00f3 el jueves 26 de septiembre con un contenido b\u00e1sicamente deportivo, cubriendo los acontecimientos m\u00e1s importantes de General [&hellip;]"}