{"version":"1.0","provider_name":"NOTICIASMERCEDINAS.COM","provider_url":"https:\/\/noticiasmercedinas.com\/site","author_name":"Juan Dagnino NOTICIASMERCEDINAS.COM","author_url":"https:\/\/noticiasmercedinas.com\/site\/author\/juandagnino\/","title":"Una lesi\u00f3n trunc\u00f3 todo","type":"rich","width":600,"height":338,"html":"<blockquote class=\"wp-embedded-content\" data-secret=\"TZ7sDxzLUL\"><a href=\"https:\/\/noticiasmercedinas.com\/site\/2021\/02\/26\/una-lesion-trunco-todo\/\">Una lesi\u00f3n trunc\u00f3 todo<\/a><\/blockquote><iframe sandbox=\"allow-scripts\" security=\"restricted\" src=\"https:\/\/noticiasmercedinas.com\/site\/2021\/02\/26\/una-lesion-trunco-todo\/embed\/#?secret=TZ7sDxzLUL\" width=\"600\" height=\"338\" title=\"\u00abUna lesi\u00f3n trunc\u00f3 todo\u00bb \u2014 NOTICIASMERCEDINAS.COM\" data-secret=\"TZ7sDxzLUL\" frameborder=\"0\" marginwidth=\"0\" marginheight=\"0\" scrolling=\"no\" class=\"wp-embedded-content\"><\/iframe><script type=\"text\/javascript\">\n\/* <![CDATA[ *\/\n\/*! This file is auto-generated *\/\n!function(d,l){\"use strict\";l.querySelector&&d.addEventListener&&\"undefined\"!=typeof URL&&(d.wp=d.wp||{},d.wp.receiveEmbedMessage||(d.wp.receiveEmbedMessage=function(e){var t=e.data;if((t||t.secret||t.message||t.value)&&!\/[^a-zA-Z0-9]\/.test(t.secret)){for(var s,r,n,a=l.querySelectorAll('iframe[data-secret=\"'+t.secret+'\"]'),o=l.querySelectorAll('blockquote[data-secret=\"'+t.secret+'\"]'),c=new RegExp(\"^https?:$\",\"i\"),i=0;i<o.length;i++)o[i].style.display=\"none\";for(i=0;i<a.length;i++)s=a[i],e.source===s.contentWindow&&(s.removeAttribute(\"style\"),\"height\"===t.message?(1e3<(r=parseInt(t.value,10))?r=1e3:~~r<200&&(r=200),s.height=r):\"link\"===t.message&&(r=new URL(s.getAttribute(\"src\")),n=new URL(t.value),c.test(n.protocol))&&n.host===r.host&&l.activeElement===s&&(d.top.location.href=t.value))}},d.addEventListener(\"message\",d.wp.receiveEmbedMessage,!1),l.addEventListener(\"DOMContentLoaded\",function(){for(var e,t,s=l.querySelectorAll(\"iframe.wp-embedded-content\"),r=0;r<s.length;r++)(t=(e=s[r]).getAttribute(\"data-secret\"))||(t=Math.random().toString(36).substring(2,12),e.src+=\"#?secret=\"+t,e.setAttribute(\"data-secret\",t)),e.contentWindow.postMessage({message:\"ready\",secret:t},\"*\")},!1)))}(window,document);\n\/\/# sourceURL=https:\/\/noticiasmercedinas.com\/site\/wp-includes\/js\/wp-embed.min.js\n\/* ]]> *\/\n<\/script>\n","thumbnail_url":"https:\/\/noticiasmercedinas.com\/site\/wp-content\/uploads\/2021\/02\/IMG_1888.jpg","thumbnail_width":640,"thumbnail_height":428,"description":"\u25a0 Walter Sequeira ven\u00eda dominando el combate ante Hern\u00e1n P\u00e9rez. Una lesi\u00f3n en la pierna izquierda le impidi\u00f3 poder continuar en la octava vuelta al 1\u2019 36\u201d. El de Jos\u00e9 M\u00e1rmol se qued\u00f3 con el t\u00edtulo Sudamericano Mediopesado."}